{"id":2507,"date":"2021-05-05T14:22:40","date_gmt":"2021-05-05T12:22:40","guid":{"rendered":"https:\/\/edoucet-bienetre.fr\/wordpress\/?page_id=2507"},"modified":"2026-02-13T10:53:59","modified_gmt":"2026-02-13T09:53:59","slug":"politique-de-confidentialite","status":"publish","type":"page","link":"https:\/\/edoucet-bienetre.fr\/wordpress\/politique-de-confidentialite\/","title":{"rendered":"CGV &#038; POLITIQUE DE CONFIDENTIALITE"},"content":{"rendered":"\t\t<div data-elementor-type=\"wp-page\" data-elementor-id=\"2507\" class=\"elementor elementor-2507\">\n\t\t\t\t\t\t<section class=\"elementor-section elementor-top-section elementor-element elementor-element-c9a72d3 elementor-section-full_width elementor-section-stretched elementor-hidden-tablet elementor-section-height-default elementor-section-height-default\" data-id=\"c9a72d3\" data-element_type=\"section\" data-settings=\"{&quot;stretch_section&quot;:&quot;section-stretched&quot;}\">\n\t\t\t\t\t\t<div class=\"elementor-container elementor-column-gap-default\">\n\t\t\t\t\t<div class=\"elementor-column elementor-col-100 elementor-top-column elementor-element elementor-element-0391885\" data-id=\"0391885\" data-element_type=\"column\">\n\t\t\t<div class=\"elementor-widget-wrap elementor-element-populated\">\n\t\t\t\t\t\t<div class=\"elementor-element elementor-element-f9b9e06 elementor-widget-divider--view-line_text elementor-widget-divider--element-align-center elementor-widget elementor-widget-divider\" data-id=\"f9b9e06\" data-element_type=\"widget\" data-widget_type=\"divider.default\">\n\t\t\t\t<div class=\"elementor-widget-container\">\n\t\t\t\t\t\t\t<div class=\"elementor-divider\">\n\t\t\t<span class=\"elementor-divider-separator\">\n\t\t\t\t\t\t\t<span class=\"elementor-divider__text elementor-divider__element\">\n\t\t\t\tConditions G\u00e9n\u00e9rales De Vente & Politique De Protection Des Donn\u00e9es\t\t\t\t<\/span>\n\t\t\t\t\t\t<\/span>\n\t\t<\/div>\n\t\t\t\t\t\t<\/div>\n\t\t\t\t<\/div>\n\t\t\t\t\t<\/div>\n\t\t<\/div>\n\t\t\t\t\t<\/div>\n\t\t<\/section>\n\t\t\t\t<section class=\"elementor-section elementor-top-section elementor-element elementor-element-c2fc418 elementor-section-full_width elementor-section-stretched elementor-hidden-desktop elementor-hidden-phone elementor-section-height-default elementor-section-height-default\" data-id=\"c2fc418\" data-element_type=\"section\" data-settings=\"{&quot;stretch_section&quot;:&quot;section-stretched&quot;}\">\n\t\t\t\t\t\t<div class=\"elementor-container elementor-column-gap-default\">\n\t\t\t\t\t<div class=\"elementor-column elementor-col-100 elementor-top-column elementor-element elementor-element-bad61b4\" data-id=\"bad61b4\" data-element_type=\"column\">\n\t\t\t<div class=\"elementor-widget-wrap elementor-element-populated\">\n\t\t\t\t\t\t<div class=\"elementor-element elementor-element-89e56be elementor-widget-divider--view-line_text elementor-widget-divider--element-align-center elementor-widget elementor-widget-divider\" data-id=\"89e56be\" data-element_type=\"widget\" data-widget_type=\"divider.default\">\n\t\t\t\t<div class=\"elementor-widget-container\">\n\t\t\t\t\t\t\t<div class=\"elementor-divider\">\n\t\t\t<span class=\"elementor-divider-separator\">\n\t\t\t\t\t\t\t<span class=\"elementor-divider__text elementor-divider__element\">\n\t\t\t\tConditions G\u00e9n\u00e9rales De Vente & Politique De Protection Des Donn\u00e9es\t\t\t\t<\/span>\n\t\t\t\t\t\t<\/span>\n\t\t<\/div>\n\t\t\t\t\t\t<\/div>\n\t\t\t\t<\/div>\n\t\t\t\t\t<\/div>\n\t\t<\/div>\n\t\t\t\t\t<\/div>\n\t\t<\/section>\n\t\t\t\t<section class=\"elementor-section elementor-top-section elementor-element elementor-element-ee0b6eb elementor-section-boxed elementor-section-height-default elementor-section-height-default\" data-id=\"ee0b6eb\" data-element_type=\"section\">\n\t\t\t\t\t\t<div class=\"elementor-container elementor-column-gap-default\">\n\t\t\t\t\t<div class=\"elementor-column elementor-col-50 elementor-top-column elementor-element elementor-element-c75a197\" data-id=\"c75a197\" data-element_type=\"column\">\n\t\t\t<div class=\"elementor-widget-wrap elementor-element-populated\">\n\t\t\t\t\t\t<div class=\"elementor-element elementor-element-ad446f0 elementor-hidden-phone elementor-view-default elementor-widget elementor-widget-icon\" data-id=\"ad446f0\" data-element_type=\"widget\" data-widget_type=\"icon.default\">\n\t\t\t\t<div class=\"elementor-widget-container\">\n\t\t\t\t\t\t\t<div class=\"elementor-icon-wrapper\">\n\t\t\t<div class=\"elementor-icon\">\n\t\t\t<i aria-hidden=\"true\" class=\"far fa-arrow-alt-circle-right\"><\/i>\t\t\t<\/div>\n\t\t<\/div>\n\t\t\t\t\t\t<\/div>\n\t\t\t\t<\/div>\n\t\t\t\t\t<\/div>\n\t\t<\/div>\n\t\t\t\t<div class=\"elementor-column elementor-col-50 elementor-top-column elementor-element elementor-element-c8a47f4\" data-id=\"c8a47f4\" data-element_type=\"column\">\n\t\t\t<div class=\"elementor-widget-wrap elementor-element-populated\">\n\t\t\t\t\t\t<div class=\"elementor-element elementor-element-18253ef elementor-widget elementor-widget-text-editor\" data-id=\"18253ef\" data-element_type=\"widget\" data-widget_type=\"text-editor.default\">\n\t\t\t\t<div class=\"elementor-widget-container\">\n\t\t\t\t\t\t\t\t\t<p>Conditions G\u00e9n\u00e9rales de Vente (CGV)<\/p>\t\t\t\t\t\t\t\t<\/div>\n\t\t\t\t<\/div>\n\t\t\t\t\t<\/div>\n\t\t<\/div>\n\t\t\t\t\t<\/div>\n\t\t<\/section>\n\t\t\t\t<section class=\"elementor-section elementor-top-section elementor-element elementor-element-15a2ce9 elementor-section-boxed elementor-section-height-default elementor-section-height-default\" data-id=\"15a2ce9\" data-element_type=\"section\">\n\t\t\t\t\t\t<div class=\"elementor-container elementor-column-gap-default\">\n\t\t\t\t\t<div class=\"elementor-column elementor-col-100 elementor-top-column elementor-element elementor-element-a2968e4\" data-id=\"a2968e4\" data-element_type=\"column\">\n\t\t\t<div class=\"elementor-widget-wrap elementor-element-populated\">\n\t\t\t\t\t\t<div class=\"elementor-element elementor-element-8079366 elementor-widget elementor-widget-toggle\" data-id=\"8079366\" data-element_type=\"widget\" data-widget_type=\"toggle.default\">\n\t\t\t\t<div class=\"elementor-widget-container\">\n\t\t\t\t\t\t\t<div class=\"elementor-toggle\">\n\t\t\t\t\t\t\t<div class=\"elementor-toggle-item\">\n\t\t\t\t\t<div id=\"elementor-tab-title-1341\" class=\"elementor-tab-title\" data-tab=\"1\" role=\"button\" aria-controls=\"elementor-tab-content-1341\" aria-expanded=\"false\">\n\t\t\t\t\t\t\t\t\t\t\t\t<span class=\"elementor-toggle-icon elementor-toggle-icon-left\" aria-hidden=\"true\">\n\t\t\t\t\t\t\t\t\t\t\t\t\t\t\t<span class=\"elementor-toggle-icon-closed\"><i class=\"fas fa-caret-right\"><\/i><\/span>\n\t\t\t\t\t\t\t\t<span class=\"elementor-toggle-icon-opened\"><i class=\"elementor-toggle-icon-opened fas fa-caret-up\"><\/i><\/span>\n\t\t\t\t\t\t\t\t\t\t\t\t\t<\/span>\n\t\t\t\t\t\t\t\t\t\t\t\t<a class=\"elementor-toggle-title\" tabindex=\"0\">1 - G\u00e9n\u00e9ralit\u00e9s<\/a>\n\t\t\t\t\t<\/div>\n\n\t\t\t\t\t<div id=\"elementor-tab-content-1341\" class=\"elementor-tab-content elementor-clearfix\" data-tab=\"1\" role=\"region\" aria-labelledby=\"elementor-tab-title-1341\"><p><span style=\"font-weight: 400;\">Les pr\u00e9sentes <\/span><b>Conditions G\u00e9n\u00e9rales des Ventes (CGV)<\/b><span style=\"font-weight: 400;\"> s\u2019appliquent, sans restriction ni r\u00e9serve, \u00e0 l\u2019ensemble des prestations propos\u00e9es par Estelle DOUCET, par le biais de l\u2019entreprise individuelle d\u00e9nomm\u00e9e <\/span><b>\u00ab\u00a0 EI Estelle Doucet \u2013 Praticienne en Massages Bien-\u00catre\u00a0 \u00bb<\/b><span style=\"font-weight: 400;\">, dont le si\u00e8ge social se situe au <\/span><i><span style=\"font-weight: 400;\">22 rue de nuisement 78730 St-Arnoult-en-Yvelines<\/span><\/i><span style=\"font-weight: 400;\">, immatricul\u00e9e sous le num\u00e9ro de <\/span><b>SIRET 894 955 681 00024<\/b><span style=\"font-weight: 400;\">, ainsi qu\u2019\u00e0 l\u2019ensemble de ses clients, quel que soit leur statut ou qualit\u00e9. En cons\u00e9quence, la r\u00e9servation ou d\u2019achat de <\/span><i><span style=\"font-weight: 400;\">prestations <\/span><\/i><span style=\"font-weight: 400;\">par le Client, <\/span><i><span style=\"font-weight: 400;\">quel que soit le moyen utilis\u00e9<\/span><\/i><span style=\"font-weight: 400;\"> (t\u00e9l\u00e9phone, site internet, de visu\u2026), implique l\u2019adh\u00e9sion et l&rsquo;acceptation enti\u00e8re et sans r\u00e9serve des pr\u00e9sentes CGV par ledit Client, sauf accord particulier pr\u00e9alablement \u00e9crit entre les parties.<\/span><\/p><p><b>\u00ab EI Estelle Doucet \u2013 Praticienne en Massages Bien-\u00catre\u00a0 \u00bb<\/b><span style=\"font-weight: 400;\"> se r\u00e9serve le droit de modifier ces CGV afin de respecter toute nouvelle l\u00e9gislation ou am\u00e9liorer son site internet, \u00e9tant pr\u00e9cis\u00e9 que les CGV applicables seront celles en vigueur \u00e0 la date de r\u00e9servation ou d\u2019achat par le Client.<\/span><\/p><p><span style=\"font-weight: 400;\">Les pr\u00e9sentes CGV sont imputables \u00e0 tout document (prospectus, publicit\u00e9s, flyers\u2026) proposant les services et faisant mention de <\/span><b>\u00ab EI Estelle Doucet \u2013 Praticienne en Massages Bien-\u00catre\u00a0 \u00bb<\/b><span style=\"font-weight: 400;\">.<\/span><\/p><\/div>\n\t\t\t\t<\/div>\n\t\t\t\t\t\t\t<div class=\"elementor-toggle-item\">\n\t\t\t\t\t<div id=\"elementor-tab-title-1342\" class=\"elementor-tab-title\" data-tab=\"2\" role=\"button\" aria-controls=\"elementor-tab-content-1342\" aria-expanded=\"false\">\n\t\t\t\t\t\t\t\t\t\t\t\t<span class=\"elementor-toggle-icon elementor-toggle-icon-left\" aria-hidden=\"true\">\n\t\t\t\t\t\t\t\t\t\t\t\t\t\t\t<span class=\"elementor-toggle-icon-closed\"><i class=\"fas fa-caret-right\"><\/i><\/span>\n\t\t\t\t\t\t\t\t<span class=\"elementor-toggle-icon-opened\"><i class=\"elementor-toggle-icon-opened fas fa-caret-up\"><\/i><\/span>\n\t\t\t\t\t\t\t\t\t\t\t\t\t<\/span>\n\t\t\t\t\t\t\t\t\t\t\t\t<a class=\"elementor-toggle-title\" tabindex=\"0\">2 - D\u00e9finitions<\/a>\n\t\t\t\t\t<\/div>\n\n\t\t\t\t\t<div id=\"elementor-tab-content-1342\" class=\"elementor-tab-content elementor-clearfix\" data-tab=\"2\" role=\"region\" aria-labelledby=\"elementor-tab-title-1342\"><p><b>Client<\/b> <span style=\"font-weight: 400;\">:<\/span><\/p><p><span style=\"font-weight: 400;\">Toute personne, entreprise ou association qui ach\u00e8te, r\u00e9serve ou b\u00e9n\u00e9ficie des prestations propos\u00e9es par <\/span><b>\u00ab\u00a0 EI Estelle Doucet \u2013 Praticienne en Massages Bien-\u00catre\u00a0 \u00bb<\/b><\/p><p><b>Contrat<\/b> <span style=\"font-weight: 400;\">:<\/span><\/p><p><span style=\"font-weight: 400;\">Engagement liant le Client et <\/span><b>\u00ab\u00a0 EI Estelle Doucet \u2013 Praticienne en Massages Bien-\u00catre\u00a0 \u00bb <\/b><span style=\"font-weight: 400;\">lors de toute r\u00e9servation ou tout achat de prestations propos\u00e9es par <\/span><b>\u00ab\u00a0 EI Estelle Doucet \u2013 Praticienne en Massages Bien-\u00catre\u00a0 \u00bb<\/b><\/p><p><b>La Praticienne<\/b> <span style=\"font-weight: 400;\">: Estelle Doucet<\/span><\/p><p><b>Prestation<\/b> <span style=\"font-weight: 400;\">:<\/span><\/p><p><span style=\"font-weight: 400;\">Tout service propos\u00e9 (massages \u00e0 la s\u00e9ance, aux forfaits ou sous forme de carte-cadeau\u2026) par la soci\u00e9t\u00e9 <\/span><b>\u00ab\u00a0 EI Estelle Doucet \u2013 Praticienne en Massages Bien-\u00catre\u00a0 \u00bb <\/b><span style=\"font-weight: 400;\">et r\u00e9servable ou achetable sur le site internet <\/span><b>www.edoucet-bienetre.fr<\/b><\/p><p><b>Massages bien-\u00eatre et techniques de relaxations<\/b> <span style=\"font-weight: 400;\">:<\/span><\/p><p><span style=\"font-weight: 400;\">Pratiques \u00e0 but exclusif de d\u00e9tente, relaxation et lib\u00e9ration des tensions et du stress. Les prestations n\u2019ont <\/span><b>aucun but th\u00e9rapeutique<\/b><span style=\"font-weight: 400;\"> et en raison de leur nature, <\/span><b>ne s\u2019apparentent en rien<\/b><span style=\"font-weight: 400;\">, ni dans les contenus ni dans les objectifs, <\/span><b>\u00e0 la pratique de la Masso-kin\u00e9sith\u00e9rapie, ainsi qu\u2019\u00e0 toute autre pratique m\u00e9dicale<\/b><span style=\"font-weight: 400;\">.<\/span><\/p><p><span style=\"font-weight: 400;\">Les massages de bien-\u00eatre propos\u00e9s <\/span><b>ne sont pas des massages naturistes<\/b><span style=\"font-weight: 400;\">,<\/span><b> ni tantriques, ni \u00e0 caract\u00e8re sexuel<\/b><span style=\"font-weight: 400;\">. Concernant ces derniers, tout acte ou proposition du Client visant \u00e0 obtenir des pratiques de cette nature entra\u00eenera l\u2019arr\u00eat imm\u00e9diat de la prestation et l\u2019impossibilit\u00e9 dudit Client de reprendre rendez-vous aupr\u00e8s de <\/span><b>\u00ab\u00a0 EI Estelle Doucet \u2013 Praticienne en Massages Bien-\u00catre\u00a0 \u00bb <\/b><span style=\"font-weight: 400;\">et ce pour n\u2019importe quelle autre prestation du catalogue.<\/span><\/p><\/div>\n\t\t\t\t<\/div>\n\t\t\t\t\t\t\t<div class=\"elementor-toggle-item\">\n\t\t\t\t\t<div id=\"elementor-tab-title-1343\" class=\"elementor-tab-title\" data-tab=\"3\" role=\"button\" aria-controls=\"elementor-tab-content-1343\" aria-expanded=\"false\">\n\t\t\t\t\t\t\t\t\t\t\t\t<span class=\"elementor-toggle-icon elementor-toggle-icon-left\" aria-hidden=\"true\">\n\t\t\t\t\t\t\t\t\t\t\t\t\t\t\t<span class=\"elementor-toggle-icon-closed\"><i class=\"fas fa-caret-right\"><\/i><\/span>\n\t\t\t\t\t\t\t\t<span class=\"elementor-toggle-icon-opened\"><i class=\"elementor-toggle-icon-opened fas fa-caret-up\"><\/i><\/span>\n\t\t\t\t\t\t\t\t\t\t\t\t\t<\/span>\n\t\t\t\t\t\t\t\t\t\t\t\t<a class=\"elementor-toggle-title\" tabindex=\"0\">3 - Conditions de r\u00e9servation, de modification ou d'annulation d'une prestation<\/a>\n\t\t\t\t\t<\/div>\n\n\t\t\t\t\t<div id=\"elementor-tab-content-1343\" class=\"elementor-tab-content elementor-clearfix\" data-tab=\"3\" role=\"region\" aria-labelledby=\"elementor-tab-title-1343\"><p><b>3-1<\/b><span style=\"font-weight: 400;\">\u00a0 <\/span><b>R\u00c9SERVATION<\/b><\/p><p><span style=\"font-weight: 400;\">Les prestations propos\u00e9es par <\/span><b>\u00ab\u00a0 EI Estelle Doucet \u2013 Praticienne en Massages Bien-\u00catre\u00a0 \u00bb <\/b><span style=\"font-weight: 400;\">figurent sur le site <\/span><b>internet https:\/\/edoucet-bienetre.fr<\/b><span style=\"font-weight: 400;\">.<\/span><\/p><p><span style=\"font-weight: 400;\">Elles sont r\u00e9servables :<\/span><\/p><ul><li style=\"font-weight: 400;\" aria-level=\"1\"><span style=\"font-weight: 400;\">Par le site internet : <\/span><b>www.edoucet-bienetre.fr<\/b><\/li><li style=\"font-weight: 400;\" aria-level=\"1\"><span style=\"font-weight: 400;\">Par t\u00e9l\u00e9phone :<\/span><b> 06 29 63 25 55<\/b><\/li><li style=\"font-weight: 400;\" aria-level=\"1\"><span style=\"font-weight: 400;\">Par mail : <\/span><b>edoucet.bienetre@gmail.com<\/b><\/li><\/ul><p><span style=\"font-weight: 400;\">Le Client peut effectuer sa r\u00e9servation en ligne via le menu \u00ab <\/span><b>R\u00c9SERVER EN LIGNE<\/b><span style=\"font-weight: 400;\"> \u00bb\u00a0 en suivant les \u00e9tapes ci-dessous :<\/span><\/p><ol><li style=\"font-weight: 400;\" aria-level=\"1\"><b>Choisir<\/b><span style=\"font-weight: 400;\"> son massage dans la liste d\u00e9roulante<\/span><\/li><li style=\"font-weight: 400;\" aria-level=\"1\"><b>Compl\u00e9ter<\/b><span style=\"font-weight: 400;\"> ses coordonn\u00e9es<\/span><\/li><li style=\"font-weight: 400;\" aria-level=\"1\"><b>Accepter<\/b><span style=\"font-weight: 400;\"> les pr\u00e9sentes CGV et RGPD (politique de confidentialit\u00e9) en cochant la case pr\u00e9vue \u00e0 cet effet<\/span><\/li><li style=\"font-weight: 400;\" aria-level=\"1\"><b>Valider<\/b><span style=\"font-weight: 400;\"> sa demande de r\u00e9servation<\/span><\/li><li style=\"font-weight: 400;\" aria-level=\"1\"><b>R\u00e9ceptionner<\/b><span style=\"font-weight: 400;\"> le <\/span><b>mail de confirmation<\/b><\/li><\/ol><p><span style=\"font-weight: 400;\">Le Client peut aussi r\u00e9server <\/span><b>par mail ou par t\u00e9l\u00e9phone. <\/b><span style=\"font-weight: 400;\">Un <\/span><b>mail de confirmation <\/b><span style=\"font-weight: 400;\">r\u00e9capitulant sa demande lui sera envoy\u00e9.<\/span><\/p><p><b>3-2 MODIFICATION ou ANNULATION DU FAIT DU CLIENT<\/b><\/p><p><span style=\"font-weight: 400;\">Peu importe la raison, le Client a la possibilit\u00e9 de modifier ou annuler, sa r\u00e9servation :<\/span><\/p><ul><li style=\"font-weight: 400;\" aria-level=\"1\"><span style=\"font-weight: 400;\">Par t\u00e9l\u00e9phone :<\/span><b> 06 29 63 25 55<\/b><\/li><li style=\"font-weight: 400;\" aria-level=\"1\"><span style=\"font-weight: 400;\">Par mail : <\/span><b>edoucet.bienetre@gmail.com<\/b><\/li><\/ul><p><span style=\"font-weight: 400;\">Dans un souci d\u2019organisation et de bienveillance, nous lui serions gr\u00e9 de nous pr\u00e9venir <\/span><b>au moins 48h avant le rendez-vous.<\/b><span style=\"font-weight: 400;\"> Cela bien \u00e9videmment dans la mesure du possible.<\/span><\/p><p><b>3-3 MODIFICATION ou ANNULATION DU FAIT DE \u00ab\u00a0 EI Estelle Doucet \u2013 Praticienne en Massages Bien-\u00catre\u00a0 \u00bb<\/b><\/p><p><span style=\"font-weight: 400;\">En cas d\u2019impossibilit\u00e9 de r\u00e9aliser une s\u00e9ance de massage et dans la mesure du possible <\/span><b>\u00ab\u00a0 EI Estelle Doucet \u2013 Praticienne en Massages Bien-\u00catre\u00a0 \u00bb <\/b><span style=\"font-weight: 400;\">s\u2019engage \u00e0 pr\u00e9venir au plus t\u00f4t et par tout moyen le Client .<\/span><\/p><p><span style=\"font-weight: 400;\">Elle s\u2019engage \u00e0 <\/span><b>replanifier<\/b><span style=\"font-weight: 400;\"> le ou les rendez-vous en accord avec le Client, sans qu\u2019il ne puisse \u00eatre exig\u00e9 une quelconque indemnit\u00e9 par ce dernier.<\/span><\/p><p><span style=\"font-weight: 400;\">Toutefois, si la praticienne \u00e9tait en situation d\u2019incapacit\u00e9 totale et permanente de r\u00e9aliser les prestations d\u00e9j\u00e0 engag\u00e9es et r\u00e9serv\u00e9es, tout type de contrat serait r\u00e9sili\u00e9 de plein droit sans qu\u2019il ne puisse \u00eatre r\u00e9clam\u00e9 \u00e0 <\/span><b>\u00ab\u00a0 EI Estelle Doucet \u2013 Praticienne en Massages Bien-\u00catre\u00a0 \u00bb d\u2019indemnit\u00e9 compensatrice.<\/b><\/p><p><span style=\"font-weight: 400;\">En tout \u00e9tat de cause et \u00e0 l\u2019exclusion de tout autre motif, les sommes et acomptes per\u00e7us seraient <\/span><b>int\u00e9gralement rembours\u00e9s<\/b><span style=\"font-weight: 400;\">.<\/span><\/p><p><span style=\"font-weight: 400;\">En cas d\u2019annulation faisant suite \u00e0 l\u2019<\/span><b>entretien pr\u00e9alable<\/b><span style=\"font-weight: 400;\"> (<\/span><i><span style=\"font-weight: 400;\">article 6<\/span><\/i><span style=\"font-weight: 400;\">), la prestation ne serait pas due.<\/span><\/p><\/div>\n\t\t\t\t<\/div>\n\t\t\t\t\t\t\t<div class=\"elementor-toggle-item\">\n\t\t\t\t\t<div id=\"elementor-tab-title-1344\" class=\"elementor-tab-title\" data-tab=\"4\" role=\"button\" aria-controls=\"elementor-tab-content-1344\" aria-expanded=\"false\">\n\t\t\t\t\t\t\t\t\t\t\t\t<span class=\"elementor-toggle-icon elementor-toggle-icon-left\" aria-hidden=\"true\">\n\t\t\t\t\t\t\t\t\t\t\t\t\t\t\t<span class=\"elementor-toggle-icon-closed\"><i class=\"fas fa-caret-right\"><\/i><\/span>\n\t\t\t\t\t\t\t\t<span class=\"elementor-toggle-icon-opened\"><i class=\"elementor-toggle-icon-opened fas fa-caret-up\"><\/i><\/span>\n\t\t\t\t\t\t\t\t\t\t\t\t\t<\/span>\n\t\t\t\t\t\t\t\t\t\t\t\t<a class=\"elementor-toggle-title\" tabindex=\"0\">4 - Tarifs & Conditions d'Achat<\/a>\n\t\t\t\t\t<\/div>\n\n\t\t\t\t\t<div id=\"elementor-tab-content-1344\" class=\"elementor-tab-content elementor-clearfix\" data-tab=\"4\" role=\"region\" aria-labelledby=\"elementor-tab-title-1344\"><p><b>4-1 CONDITIONS DE PAIEMENT<\/b><\/p><p><span style=\"font-weight: 400;\">Les tarifs des prestations sont consultables sur le site internet <\/span><b>www.edoucet-bienetre.fr,<\/b><span style=\"font-weight: 400;\"> \u00e0 la rubrique <\/span><b>\u00ab Tarifs \u00bb.<\/b><\/p><p><span style=\"font-weight: 400;\">Le tarif de la \u00ab <\/span><i><span style=\"font-weight: 400;\">CARTE-CADEAU<\/span><\/i><span style=\"font-weight: 400;\"> \u00bb est fonction de la prestation choisie par le Client.<\/span><\/p><p><span style=\"font-weight: 400;\">Toutes les prestations sont disponibles en Carte-Cadeau.<\/span><\/p><p><span style=\"font-weight: 400;\">Tous les tarifs sont en <\/span><b>euros<\/b><span style=\"font-weight: 400;\"> et<\/span><b> non soumis<\/b><span style=\"font-weight: 400;\"> \u00e0 la Taxe sur la Valeur Ajout\u00e9e (TVA), conform\u00e9ment \u00e0 l\u2019<\/span><b>article 293B du Code G\u00e9n\u00e9ral des Imp\u00f4ts<\/b><span style=\"font-weight: 400;\">. Les prix mentionn\u00e9s s\u2019entendent donc sans TVA.<\/span><\/p><p><b>\u00ab\u00a0 EI Estelle Doucet \u2013 Praticienne en Massages Bien-\u00catre\u00a0 \u00bb <\/b><span style=\"font-weight: 400;\">se r\u00e9serve le droit de faire \u00e9voluer sa grille tarifaire. \u00c9tant entendu que le prix figurant \u00e0 la grille tarifaire le jour de la r\u00e9servation, ou d\u2019achat, sera le seul applicable au Client.<\/span><\/p><p><span style=\"font-weight: 400;\">En r\u00e8gle g\u00e9n\u00e9rale, toutes les prestations (massages, forfaits et carte-cadeau) sont <\/span><b>payables <\/b><b>soit \u00e0 la commande par ch\u00e8que, virement ou CB via la facture SHINE, soit <\/b><b>sur place au moment de la prestation par CB, ch\u00e8que ou esp\u00e8ces (voir modalit\u00e9s aux articles 4-2 b et c)<\/b><span style=\"font-weight: 400;\">.<\/span><\/p><p><span style=\"font-weight: 400;\">Les Cartes-Cadeau sont payables \u00e0 r\u00e9ception de facture :\u00a0 par <\/span><i><span style=\"font-weight: 400;\">ch\u00e8que, virement ou CB<\/span><\/i><span style=\"font-weight: 400;\">. Le paiement en ligne ou par lien est r\u00e9alis\u00e9 dans un <\/span><b>espace s\u00e9curis\u00e9<\/b><span style=\"font-weight: 400;\"> g\u00e9r\u00e9 par la banque <\/span><b>SHINE<\/b><span style=\"font-weight: 400;\">.<\/span><\/p><p><b>Le <\/b><b><i>Massage Relaxant aux Huiles<\/i><\/b><span style=\"font-weight: 400;\">\u00a0 n\u2019est pas <\/span><b>r\u00e9servable<\/b><span style=\"font-weight: 400;\"> en ligne mais uniquement <\/span><b>par t\u00e9l\u00e9phone<\/b><span style=\"font-weight: 400;\">. Il devra \u00eatre r\u00e9gl\u00e9 sur place au moment de la prestation par carte bancaire, ch\u00e8que ou esp\u00e8ces.<\/span><\/p><p><b>Aucun cr\u00e9dit<\/b><span style=\"font-weight: 400;\"> ne saurait \u00eatre accord\u00e9 au Client par <\/span><b>\u00ab\u00a0 EI Estelle Doucet \u2013 Praticienne en Massages Bien-\u00catre\u00a0 \u00bb <\/b><span style=\"font-weight: 400;\">et ce pour quelque raison que ce soit.<\/span><\/p><p><b>4-2 LES FORFAITS<\/b><\/p><ol><li><b>a) Le forfait \u00ab <\/b><b><i>DECOUVERTE <\/i><\/b><b>\u00bb<\/b><span style=\"font-weight: 400;\"> est payable en une seule fois.\u00a0<\/span><\/li><\/ol><p><span style=\"font-weight: 400;\">Le forfait est d\u00e9livr\u00e9 lors de la premi\u00e8re s\u00e9ance sous forme de <\/span><b>carte \u00e0 tamponner; 1 tampon \u00e0 chaque Massage.<\/b><\/p><p><span style=\"font-weight: 400;\">Cette carte est <\/span><b>nominative<\/b><span style=\"font-weight: 400;\">, <\/span><b>personnelle, non \u00e9changeable et<\/b> <b>non remboursable. Valable 6 mois \u00e0 compter de la date d\u2019achat. (<\/b><b><i>Voir conditions \u00e0 l\u2019article 11-4)<\/i><\/b><\/p><ol><li><b>b) Le forfait \u00ab <\/b><b><i>COREEN \u00bb<\/i><\/b> <span style=\"font-weight: 400;\">: A<\/span><i><span style=\"font-weight: 400;\">pr\u00e8s accord des deux parties, p<\/span><\/i><span style=\"font-weight: 400;\">ossibilit\u00e9 de <\/span><b>r\u00e9gler en 3 fois<\/b><span style=\"font-weight: 400;\"> :\u00a0 1er paiement \u00e0 la <\/span><b>1\u00e8re s\u00e9ance<\/b><span style=\"font-weight: 400;\"> \/ 2\u00e8me paiement \u00e0 la <\/span><b>5\u00e8me s\u00e9ance<\/b><span style=\"font-weight: 400;\"> \/ dernier paiement \u00e0 la <\/span><b>9\u00e8me s\u00e9ance<\/b><span style=\"font-weight: 400;\">.<\/span><\/li><\/ol><p><span style=\"font-weight: 400;\">Le forfait est d\u00e9livr\u00e9 lors de la premi\u00e8re s\u00e9ance sous forme de <\/span><b>carte \u00e0 tamponner \u00e0 chaque s\u00e9ance<\/b><span style=\"font-weight: 400;\">. 12 Tampons soit 1 par mois.<\/span><\/p><p><span style=\"font-weight: 400;\">Cette carte est <\/span><b>nominative<\/b><span style=\"font-weight: 400;\">, <\/span><b>personnelle, non \u00e9changeable et<\/b> <b>non remboursable (<\/b><b><i>Voir conditions \u00e0 l\u2019article 11-4)<\/i><\/b><b>. Valable 12 mois \u00e0 compter de la date d\u2019achat.\u00a0<\/b><\/p><p><span style=\"font-weight: 400;\">La date d\u2019expiration de l\u2019offre forfaitaire, quelle qu\u2019elle soit, est mentionn\u00e9e sur la carte remise \u00e0 la premi\u00e8re s\u00e9ance.<\/span><\/p><p><b>4-3 CARTE-CADEAU<\/b><\/p><p><span style=\"font-weight: 400;\">Le tarif de la \u00ab <\/span><b>CARTE-CADEAU<\/b><span style=\"font-weight: 400;\"> \u00bb est fonction de la prestation choisie par le Client.<\/span><\/p><p><span style=\"font-weight: 400;\">La \u00ab <\/span><i><span style=\"font-weight: 400;\">CARTE-CADEAU \u00bb<\/span><\/i><span style=\"font-weight: 400;\"> est \u00e0 commander directement sur le site internet <\/span><b>www.edoucet-bienetre.fr via le formulaire de commande<\/b><i><span style=\"font-weight: 400;\"> ou par t\u00e9l\u00e9phone<\/span><\/i><span style=\"font-weight: 400;\">.<\/span><\/p><p><b>ATTENTION<\/b> <span style=\"font-weight: 400;\">:<\/span> <span style=\"font-weight: 400;\">La Carte-Cadeau sur support Bristol et son enveloppe<\/span><b> ne seront <\/b><b><i>envoy\u00e9s qu&rsquo;\u00e0 r\u00e9ception de paiement.<\/i><\/b><i><span style=\"font-weight: 400;\"> Nous attirons votre attention sur le fait que <\/span><\/i><b><i>les supports seront envoy\u00e9s au <\/i><\/b><b><i>Client ayant command\u00e9<\/i><\/b> <i><span style=\"font-weight: 400;\">et non \u00e0 la personne destinataire de ladite Carte-Cadeau. <\/span><\/i><b><i>Le Client doit donc renseigner sa propre adresse postale dans le formulaire<\/i><\/b><span style=\"font-weight: 400;\"> et non celle de la personne \u00e0 laquelle est destin\u00e9 le cadeau. <\/span><b>Si la case \u00ab\u00a0Carte Bristol\u00a0\u00bb est coch\u00e9e mais qu&rsquo;aucune adresse n&rsquo;a \u00e9t\u00e9 compl\u00e9t\u00e9e \u00a0\u00bb EI Estelle Doucet \u2013 Praticienne en Massages Bien-\u00catre \u00a0\u00bb se r\u00e9serve le droit d&rsquo;envoyer la Carte-Cadeau par mail et donc en version imprimable.<\/b><\/p><p><b>4-4 OFFRE DE BIENVENUE<\/b><\/p><p><b>\u00a0\u00bb EI Estelle Doucet \u2013 Praticienne en Massages Bien-\u00catre \u00a0\u00bb <\/b><span style=\"font-weight: 400;\">propose \u00e0 <\/span><span style=\"font-weight: 400;\">tout nouveau client<\/span><span style=\"font-weight: 400;\"> une offre de bienvenue<\/span><b>. <\/b><span style=\"font-weight: 400;\">Cette offre est propos\u00e9e sous la forme d&rsquo;une<\/span><b> r\u00e9duction imm\u00e9diate de 5 euros sur le prix du 1er massage effectu\u00e9, quel qu&rsquo;il soit. <\/b><span style=\"font-weight: 400;\">Cette offre est syst\u00e9matiquement appliqu\u00e9e sur pr\u00e9sentation du flyer tarifaire que le Client pr\u00e9sentera lors de sa venue<\/span><b>. Cette offre est valable 1 seule fois par Client et n&rsquo;est pas applicable aux FORFAITS et CARTE-CADEAU.<\/b><\/p><p><b>4-5 FID\u00c9LISATION<\/b><\/p><p><b>\u00a0\u00bb EI Estelle Doucet \u2013 Praticienne en Massages Bien-\u00catre \u00a0\u00bb <\/b><span style=\"font-weight: 400;\">propose \u00e0 ses clients une carte de fid\u00e9lit\u00e9 qui ouvre droit \u00e0 :<\/span><\/p><ul><li style=\"font-weight: 400;\" aria-level=\"1\"><span style=\"font-weight: 400;\">\u00a0<\/span><b>25%<\/b><span style=\"font-weight: 400;\"> de remise sur tout massage au<\/span><b> 5\u00e8me rendez-vous<\/b><\/li><li style=\"font-weight: 400;\" aria-level=\"1\"><b>50%<\/b><span style=\"font-weight: 400;\"> de remise sur tout massage au <\/span><b>10\u00e8me rendez-vous<\/b><\/li><\/ul><p><span style=\"font-weight: 400;\">Cette carte est <\/span><b>gratuite<\/b><span style=\"font-weight: 400;\">, <\/span><b>nominative et<\/b> <b>personnelle. Elle n\u2019a aucune date limite dans le temps.<\/b><\/p><p><b>Elle n&rsquo;est pas applicable aux FORFAITS et CARTE-CADEAU.<\/b><\/p><\/div>\n\t\t\t\t<\/div>\n\t\t\t\t\t\t\t<div class=\"elementor-toggle-item\">\n\t\t\t\t\t<div id=\"elementor-tab-title-1345\" class=\"elementor-tab-title\" data-tab=\"5\" role=\"button\" aria-controls=\"elementor-tab-content-1345\" aria-expanded=\"false\">\n\t\t\t\t\t\t\t\t\t\t\t\t<span class=\"elementor-toggle-icon elementor-toggle-icon-left\" aria-hidden=\"true\">\n\t\t\t\t\t\t\t\t\t\t\t\t\t\t\t<span class=\"elementor-toggle-icon-closed\"><i class=\"fas fa-caret-right\"><\/i><\/span>\n\t\t\t\t\t\t\t\t<span class=\"elementor-toggle-icon-opened\"><i class=\"elementor-toggle-icon-opened fas fa-caret-up\"><\/i><\/span>\n\t\t\t\t\t\t\t\t\t\t\t\t\t<\/span>\n\t\t\t\t\t\t\t\t\t\t\t\t<a class=\"elementor-toggle-title\" tabindex=\"0\">5 - Propri\u00e9t\u00e9 Intellectuelle<\/a>\n\t\t\t\t\t<\/div>\n\n\t\t\t\t\t<div id=\"elementor-tab-content-1345\" class=\"elementor-tab-content elementor-clearfix\" data-tab=\"5\" role=\"region\" aria-labelledby=\"elementor-tab-title-1345\"><p><span style=\"font-weight: 400;\">Le contenu du site <\/span><b>https:\/\/edoucet-bienetre.fr<\/b><span style=\"font-weight: 400;\"> reste la propri\u00e9t\u00e9 exclusive de <\/span><b>\u00ab\u00a0 EI Estelle Doucet \u2013 Praticienne en Massages Bien-\u00catre\u00a0 \u00bb, <\/b><span style=\"font-weight: 400;\">seule titulaire des droits de propri\u00e9t\u00e9 intellectuelle sur ce contenu.<\/span><\/p><p><span style=\"font-weight: 400;\">Les Clients ou Visiteurs du site s&rsquo;engagent \u00e0 ne faire aucune reproduction, exploitation ou utilisation de ce contenu.<\/span><\/p><p><span style=\"font-weight: 400;\">Conform\u00e9ment \u00e0 l\u2019<\/span><i><span style=\"font-weight: 400;\">article L355-2 du code de la propri\u00e9t\u00e9 intellectuelle,<\/span><\/i><span style=\"font-weight: 400;\"> toute reproduction totale ou partielle de ce contenu sans accord pr\u00e9alable est strictement interdite et susceptible de constituer un d\u00e9lit de contrefa\u00e7on.<\/span><\/p><\/div>\n\t\t\t\t<\/div>\n\t\t\t\t\t\t\t<div class=\"elementor-toggle-item\">\n\t\t\t\t\t<div id=\"elementor-tab-title-1346\" class=\"elementor-tab-title\" data-tab=\"6\" role=\"button\" aria-controls=\"elementor-tab-content-1346\" aria-expanded=\"false\">\n\t\t\t\t\t\t\t\t\t\t\t\t<span class=\"elementor-toggle-icon elementor-toggle-icon-left\" aria-hidden=\"true\">\n\t\t\t\t\t\t\t\t\t\t\t\t\t\t\t<span class=\"elementor-toggle-icon-closed\"><i class=\"fas fa-caret-right\"><\/i><\/span>\n\t\t\t\t\t\t\t\t<span class=\"elementor-toggle-icon-opened\"><i class=\"elementor-toggle-icon-opened fas fa-caret-up\"><\/i><\/span>\n\t\t\t\t\t\t\t\t\t\t\t\t\t<\/span>\n\t\t\t\t\t\t\t\t\t\t\t\t<a class=\"elementor-toggle-title\" tabindex=\"0\">6 - Contre-Indications aux Massages Bien-\u00eatre<\/a>\n\t\t\t\t\t<\/div>\n\n\t\t\t\t\t<div id=\"elementor-tab-content-1346\" class=\"elementor-tab-content elementor-clearfix\" data-tab=\"6\" role=\"region\" aria-labelledby=\"elementor-tab-title-1346\"><p><span style=\"font-weight: 400;\">Pratiqu\u00e9s par un professionnel qualifi\u00e9, les massages bien-\u00eatre sont sans risque et peuvent \u00eatre pratiqu\u00e9s sur les individus quel que soit leur \u00e2ge, leur corpulence ou leur \u00e9tat de sant\u00e9.<\/span><\/p><p><span style=\"font-weight: 400;\">Cependant il peut exister des contre-indications notamment pour certaines maladies ou certains traitements.\u00a0<\/span><\/p><p><span style=\"font-weight: 400;\">En tout \u00e9tat de cause, <\/span><b>\u00ab\u00a0 EI Estelle Doucet \u2013 Praticienne en Massages Bien-\u00catre\u00a0 \u00bb ne massera pas une zone<\/b><span style=\"font-weight: 400;\"> pr\u00e9sentant :<\/span><\/p><ul><li style=\"font-weight: 400;\" aria-level=\"1\"><span style=\"font-weight: 400;\">Varice importante, phl\u00e9bite<\/span><\/li><li style=\"font-weight: 400;\" aria-level=\"1\"><span style=\"font-weight: 400;\">Br\u00fblure, plaie ouverte, fracture<\/span><\/li><li style=\"font-weight: 400;\" aria-level=\"1\"><span style=\"font-weight: 400;\">Tout signe d\u2019inflammation ou d\u2019infection locale, cutan\u00e9e<\/span><\/li><li style=\"font-weight: 400;\" aria-level=\"1\"><span style=\"font-weight: 400;\">Traumatisme musculaire r\u00e9cent<\/span><\/li><li style=\"font-weight: 400;\" aria-level=\"1\"><span style=\"font-weight: 400;\">Zone canc\u00e9reuse<\/span><\/li><\/ul><p><span style=\"font-weight: 400;\">Il en est de m\u00eame, pour les Clients pr\u00e9sentant un <\/span><b>\u00e9tat fi\u00e9vreux, infectieux ou contagieux.<\/b><\/p><p><b>Pr\u00e9cautions concernant les grossesses de plus de 3 mois<\/b><span style=\"font-weight: 400;\"> :<\/span> <b>si soucis<\/b><span style=\"font-weight: 400;\"> durant la grossesse il est pr\u00e9f\u00e9rable de <\/span><b>demander un avis m\u00e9dical avant de prendre rendez-vous<\/b> <b>pour un massage.<\/b><\/p><p><span style=\"font-weight: 400;\">Afin de s\u2019assurer que le Client est apte \u00e0 recevoir un massage bien-\u00eatre, un <\/span><b><i>entretien pr\u00e9alable<\/i><\/b><span style=\"font-weight: 400;\"> \u00e0 la s\u00e9ance sera r\u00e9alis\u00e9 afin de permettre l\u2019identification des pr\u00e9cautions d\u2019usage et des possibles contre-indications.<\/span><\/p><p><span style=\"font-weight: 400;\">Toutefois, si suite \u00e0 l\u2019entretien pr\u00e9alable, <\/span><b>\u00ab\u00a0 EI Estelle Doucet \u2013 Praticienne en Massages Bien-\u00catre\u00a0 \u00bb <\/b><span style=\"font-weight: 400;\">estimait que l\u2019\u00e9tat de sant\u00e9 du Client n\u2019\u00e9tait pas compatible avec la prestation choisie, elle se r\u00e9serve le droit de :<\/span><\/p><ul><li style=\"font-weight: 400;\" aria-level=\"1\"><span style=\"font-weight: 400;\">Proposer une autre prestation plus ad\u00e9quat et sans danger pour le Client<\/span><\/li><li style=\"font-weight: 400;\" aria-level=\"1\"><span style=\"font-weight: 400;\">Annuler la prestation<\/span><\/li><\/ul><p><span style=\"font-weight: 400;\">Dans ces conditions, elle pr\u00e9conisera au Client de consulter un <\/span><b>professionnel de sant\u00e9<\/b><span style=\"font-weight: 400;\">.<\/span><\/p><\/div>\n\t\t\t\t<\/div>\n\t\t\t\t\t\t\t<div class=\"elementor-toggle-item\">\n\t\t\t\t\t<div id=\"elementor-tab-title-1347\" class=\"elementor-tab-title\" data-tab=\"7\" role=\"button\" aria-controls=\"elementor-tab-content-1347\" aria-expanded=\"false\">\n\t\t\t\t\t\t\t\t\t\t\t\t<span class=\"elementor-toggle-icon elementor-toggle-icon-left\" aria-hidden=\"true\">\n\t\t\t\t\t\t\t\t\t\t\t\t\t\t\t<span class=\"elementor-toggle-icon-closed\"><i class=\"fas fa-caret-right\"><\/i><\/span>\n\t\t\t\t\t\t\t\t<span class=\"elementor-toggle-icon-opened\"><i class=\"elementor-toggle-icon-opened fas fa-caret-up\"><\/i><\/span>\n\t\t\t\t\t\t\t\t\t\t\t\t\t<\/span>\n\t\t\t\t\t\t\t\t\t\t\t\t<a class=\"elementor-toggle-title\" tabindex=\"0\">7 - Droit de r\u00e9tractation<\/a>\n\t\t\t\t\t<\/div>\n\n\t\t\t\t\t<div id=\"elementor-tab-content-1347\" class=\"elementor-tab-content elementor-clearfix\" data-tab=\"7\" role=\"region\" aria-labelledby=\"elementor-tab-title-1347\"><p><span style=\"font-weight: 400;\">S\u2019agissant de l\u2019achat de prestations de services et en vertu de l\u2019<\/span><i><span style=\"font-weight: 400;\">article L121-18<\/span><\/i> <i><span style=\"font-weight: 400;\">du Code de la Consommation<\/span><\/i><span style=\"font-weight: 400;\">, le Client dispose d\u2019un d\u00e9lai de <\/span><b>14 jours pour se r\u00e9tracter<\/b><span style=\"font-weight: 400;\">. Le d\u00e9lai court \u00e0 compter de la date de conclusion du <\/span><i><span style=\"font-weight: 400;\">Contrat<\/span><\/i><span style=\"font-weight: 400;\"> (voir article <\/span><i><span style=\"font-weight: 400;\">2<\/span><\/i><span style=\"font-weight: 400;\">)<\/span><\/p><p><span style=\"font-weight: 400;\">Le Client pourra exercer son droit de r\u00e9tractation sans avoir \u00e0 justifier de motif ou \u00e0 payer de p\u00e9nalit\u00e9s.<\/span><\/p><p><span style=\"font-weight: 400;\">Avant expiration du d\u00e9lai, le Client doit informer <\/span><b>\u00ab\u00a0 EI Estelle Doucet \u2013 Praticienne en Massages Bien-\u00catre\u00a0 \u00bb <\/b><span style=\"font-weight: 400;\">de sa d\u00e9cision de se r\u00e9tracter \u00e0 l\u2019aide du <\/span><a href=\"https:\/\/edoucet-bienetre.fr\/wordpress\/wp-content\/uploads\/2021\/05\/FORMULAIRE-DE-RETRACTATION.pdf\"><b>FORMULAIRE DE R\u00c9TRACTATION <\/b><\/a><span style=\"font-weight: 400;\">ou de toute autre d\u00e9claration d\u00e9nu\u00e9e d\u2019ambigu\u00eft\u00e9.<\/span><\/p><p><span style=\"font-weight: 400;\">A r\u00e9ception du formulaire <\/span><b>\u00ab\u00a0 EI Estelle Doucet \u2013 Praticienne en Massages Bien-\u00catre\u00a0 \u00bb <\/b><span style=\"font-weight: 400;\">communiquera, sans d\u00e9lai, au Client un <\/span><b>accus\u00e9 de r\u00e9ception<\/b><span style=\"font-weight: 400;\"> de la r\u00e9tractation par mail<\/span><b>.<\/b><\/p><p><b>\u00ab\u00a0 EI Estelle Doucet \u2013 Praticienne en Massages Bien-\u00catre\u00a0 \u00bb <\/b><span style=\"font-weight: 400;\">s\u2019engage \u00e9galement \u00e0 <\/span><b>annuler le contrat<\/b><span style=\"font-weight: 400;\"> liant les deux parties et \u00e0 <\/span><b>restituer les montants engag\u00e9s<\/b><span style=\"font-weight: 400;\"> par le Client, s\u2019il en est.<\/span><\/p><p><b>L\u2019EXCEPTION DU COMMENCEMENT D&rsquo;EX\u00c9CUTION DE PRESTATION :<\/b><\/p><p><span style=\"font-weight: 400;\">L\u2019achat des prestations ou la prise de rendez-vous sont consid\u00e9r\u00e9s comme une demande expresse du Client\/Consommateur. En r\u00e8gle g\u00e9n\u00e9rale, les prestations sont r\u00e9alis\u00e9es avant la fin dudit d\u00e9lai de r\u00e9tractation. Par cons\u00e9quent, le Client\/Consommateur qui aura b\u00e9n\u00e9fici\u00e9 de s\u00e9ances de massage durant ledit d\u00e9lai de 14 jours, pourra toujours exprimer son droit \u00e0 la r\u00e9tractation. Toutefois, le montant correspondant au <\/span><b>service d\u00e9j\u00e0 fourni<\/b><span style=\"font-weight: 400;\"> ne lui sera pas rembours\u00e9. <\/span><b>Seule la somme des s\u00e9ances restantes lui sera restitu\u00e9e<\/b><span style=\"font-weight: 400;\">.<\/span><\/p><\/div>\n\t\t\t\t<\/div>\n\t\t\t\t\t\t\t<div class=\"elementor-toggle-item\">\n\t\t\t\t\t<div id=\"elementor-tab-title-1348\" class=\"elementor-tab-title\" data-tab=\"8\" role=\"button\" aria-controls=\"elementor-tab-content-1348\" aria-expanded=\"false\">\n\t\t\t\t\t\t\t\t\t\t\t\t<span class=\"elementor-toggle-icon elementor-toggle-icon-left\" aria-hidden=\"true\">\n\t\t\t\t\t\t\t\t\t\t\t\t\t\t\t<span class=\"elementor-toggle-icon-closed\"><i class=\"fas fa-caret-right\"><\/i><\/span>\n\t\t\t\t\t\t\t\t<span class=\"elementor-toggle-icon-opened\"><i class=\"elementor-toggle-icon-opened fas fa-caret-up\"><\/i><\/span>\n\t\t\t\t\t\t\t\t\t\t\t\t\t<\/span>\n\t\t\t\t\t\t\t\t\t\t\t\t<a class=\"elementor-toggle-title\" tabindex=\"0\">8 - Loi Applicable et Juridiction Comp\u00e9tente<\/a>\n\t\t\t\t\t<\/div>\n\n\t\t\t\t\t<div id=\"elementor-tab-content-1348\" class=\"elementor-tab-content elementor-clearfix\" data-tab=\"8\" role=\"region\" aria-labelledby=\"elementor-tab-title-1348\"><p><span style=\"font-weight: 400;\">Les pr\u00e9sentes CGV sont soumises \u00e0 la l\u00e9gislation fran\u00e7aise.<\/span><\/p><p><span style=\"font-weight: 400;\">En cas de litige, les deux parties s\u2019engagent \u00e0 chercher une solution \u00e0 l\u2019amiable avant toute action judiciaire. En tout \u00e9tat de cause et c<\/span><i><span style=\"font-weight: 400;\">onform\u00e9ment aux articles L.616-1 et R.616-1 du code de la consommation, <\/span><\/i><b>\u00ab\u00a0 EI Estelle Doucet \u2013 Praticienne en Massages Bien-\u00catre\u00a0 \u00bb <\/b><i><span style=\"font-weight: 400;\">propose un dispositif de m\u00e9diation de la consommation. L\u2019entit\u00e9 de m\u00e9diation retenue est la <\/span><\/i><b><i>M\u00c9DIATION CONSOMMATION D\u00c9VELOPPEMENT\/MED CONSO DEV<\/i><\/b><i><span style=\"font-weight: 400;\">.<\/span><\/i><i><span style=\"font-weight: 400;\"> En cas de litige, vous pouvez d\u00e9poser votre r\u00e9clamation sur son site <\/span><\/i><a href=\"https:\/\/www.medconsodev.eu\/\"><b><i>https:\/\/www.medconsodev.eu<\/i><\/b><\/a><i><span style=\"font-weight: 400;\"> ou par voie postale en \u00e9crivant \u00e0 :\u00a0<\/span><\/i><\/p><p><b>MEDIATION CONSOMMATION D\u00c9VELOPPEMENT\/MED CONSO DEV<\/b><\/p><p><b>Centre d\u2019Affaires St\u00e9phanois SAS\u00a0<\/b><\/p><p><b>IMMEUBLE L\u2019HORIZON \u2013 ESPLANADE DE FRANCE<\/b><\/p><p><b>3, RUE J. CONSTANT MILLERET \u2013 42000 SAINT-\u00c9TIENNE<\/b><\/p><p><span style=\"font-weight: 400;\">A d\u00e9faut, les dispositions du Code de Proc\u00e9dure Civile s\u2019appliqueront<\/span><\/p><\/div>\n\t\t\t\t<\/div>\n\t\t\t\t\t\t\t<div class=\"elementor-toggle-item\">\n\t\t\t\t\t<div id=\"elementor-tab-title-1349\" class=\"elementor-tab-title\" data-tab=\"9\" role=\"button\" aria-controls=\"elementor-tab-content-1349\" aria-expanded=\"false\">\n\t\t\t\t\t\t\t\t\t\t\t\t<span class=\"elementor-toggle-icon elementor-toggle-icon-left\" aria-hidden=\"true\">\n\t\t\t\t\t\t\t\t\t\t\t\t\t\t\t<span class=\"elementor-toggle-icon-closed\"><i class=\"fas fa-caret-right\"><\/i><\/span>\n\t\t\t\t\t\t\t\t<span class=\"elementor-toggle-icon-opened\"><i class=\"elementor-toggle-icon-opened fas fa-caret-up\"><\/i><\/span>\n\t\t\t\t\t\t\t\t\t\t\t\t\t<\/span>\n\t\t\t\t\t\t\t\t\t\t\t\t<a class=\"elementor-toggle-title\" tabindex=\"0\">9 - Responsabilit\u00e9 Civile Professionnelle<\/a>\n\t\t\t\t\t<\/div>\n\n\t\t\t\t\t<div id=\"elementor-tab-content-1349\" class=\"elementor-tab-content elementor-clearfix\" data-tab=\"9\" role=\"region\" aria-labelledby=\"elementor-tab-title-1349\"><p><b>\u00ab\u00a0 EI Estelle Doucet \u2013 Praticienne en Massages Bien-\u00catre\u00a0 \u00bb <\/b><span style=\"font-weight: 400;\">a souscrit une assurance en responsabilit\u00e9 civile professionnelle et risques d\u2019exploitation.<\/span><\/p><p><span style=\"font-weight: 400;\">Il est pr\u00e9cis\u00e9 que la responsabilit\u00e9 Estelle Doucet ne saurait \u00eatre engag\u00e9e en cas de dommages li\u00e9s \u00e0 la n\u00e9gligence d\u2019un Client, en particulier s\u2019il n\u2019a pas r\u00e9v\u00e9l\u00e9 \u00e0 <\/span><b>\u00ab\u00a0 EI Estelle Doucet \u2013 Praticienne en Massages Bien-\u00catre\u00a0 \u00bb <\/b><span style=\"font-weight: 400;\">l\u2019existence de contre-indications l\u2019affectant, que ce soit lors de l\u2019entretien pr\u00e9alable (voir article <\/span><i><span style=\"font-weight: 400;\">6)<\/span><\/i><span style=\"font-weight: 400;\"> ou durant un rendez-vous ult\u00e9rieur en cas de changement concernant son \u00e9tat de sant\u00e9.<\/span><\/p><\/div>\n\t\t\t\t<\/div>\n\t\t\t\t\t\t\t<div class=\"elementor-toggle-item\">\n\t\t\t\t\t<div id=\"elementor-tab-title-13410\" class=\"elementor-tab-title\" data-tab=\"10\" role=\"button\" aria-controls=\"elementor-tab-content-13410\" aria-expanded=\"false\">\n\t\t\t\t\t\t\t\t\t\t\t\t<span class=\"elementor-toggle-icon elementor-toggle-icon-left\" aria-hidden=\"true\">\n\t\t\t\t\t\t\t\t\t\t\t\t\t\t\t<span class=\"elementor-toggle-icon-closed\"><i class=\"fas fa-caret-right\"><\/i><\/span>\n\t\t\t\t\t\t\t\t<span class=\"elementor-toggle-icon-opened\"><i class=\"elementor-toggle-icon-opened fas fa-caret-up\"><\/i><\/span>\n\t\t\t\t\t\t\t\t\t\t\t\t\t<\/span>\n\t\t\t\t\t\t\t\t\t\t\t\t<a class=\"elementor-toggle-title\" tabindex=\"0\">10 - Protection des informations personnelles et cookies<\/a>\n\t\t\t\t\t<\/div>\n\n\t\t\t\t\t<div id=\"elementor-tab-content-13410\" class=\"elementor-tab-content elementor-clearfix\" data-tab=\"10\" role=\"region\" aria-labelledby=\"elementor-tab-title-13410\"><p><strong>10-1 LOI RGPD<\/strong><\/p><p>Se reporter \u00e0 notre <strong><a href=\"https:\/\/edoucet-bienetre.fr\/wordpress\/wp-content\/uploads\/2022\/10\/politique-de-confidentialite-2-oct22.pdf\">POLITIQUE DE CONFIDENTIALITE.<\/a><\/strong><\/p><p><strong>10-2 COOKIES<\/strong><\/p><p>Ce site n&rsquo;utilise pas de cookies.<\/p><\/div>\n\t\t\t\t<\/div>\n\t\t\t\t\t\t\t<div class=\"elementor-toggle-item\">\n\t\t\t\t\t<div id=\"elementor-tab-title-13411\" class=\"elementor-tab-title\" data-tab=\"11\" role=\"button\" aria-controls=\"elementor-tab-content-13411\" aria-expanded=\"false\">\n\t\t\t\t\t\t\t\t\t\t\t\t<span class=\"elementor-toggle-icon elementor-toggle-icon-left\" aria-hidden=\"true\">\n\t\t\t\t\t\t\t\t\t\t\t\t\t\t\t<span class=\"elementor-toggle-icon-closed\"><i class=\"fas fa-caret-right\"><\/i><\/span>\n\t\t\t\t\t\t\t\t<span class=\"elementor-toggle-icon-opened\"><i class=\"elementor-toggle-icon-opened fas fa-caret-up\"><\/i><\/span>\n\t\t\t\t\t\t\t\t\t\t\t\t\t<\/span>\n\t\t\t\t\t\t\t\t\t\t\t\t<a class=\"elementor-toggle-title\" tabindex=\"0\">11 - R\u00e9clamation<\/a>\n\t\t\t\t\t<\/div>\n\n\t\t\t\t\t<div id=\"elementor-tab-content-13411\" class=\"elementor-tab-content elementor-clearfix\" data-tab=\"11\" role=\"region\" aria-labelledby=\"elementor-tab-title-13411\"><p><span style=\"font-weight: 400;\">En tout \u00e9tat de cause, <\/span><b>\u00ab\u00a0 EI Estelle Doucet \u2013 Praticienne en Massages Bien-\u00catre\u00a0 \u00bb<\/b><span style=\"font-weight: 400;\"> ne saurait \u00eatre tenue pour responsable en cas de vol, perte ou non utilisation des prestations offertes ou achet\u00e9es. De ce fait, aucun remboursement ou aucune compensation de quelque nature que ce soit ne pourra lui \u00eatre r\u00e9clam\u00e9.<\/span><\/p><p><b>11-1 CARTE-CADEAU<\/b><\/p><p><b>Rappel<\/b> <span style=\"font-weight: 400;\">: la carte-cadeau est nominative et \u00e0 usage unique. Elle est valable <\/span><b>9 mois<\/b><span style=\"font-weight: 400;\"> et non remboursable.<\/span><\/p><ol><li><b>a) Durant sa p\u00e9riode de validit\u00e9 :<\/b><\/li><\/ol><p><span style=\"font-weight: 400;\">La carte-cadeau ne pourra \u00eatre rembours\u00e9e. Cependant elle pourra faire l\u2019objet d\u2019un \u00e9change contre un avoir de sa valeur et \u00eatre utilis\u00e9e pour une autre prestation dont la dur\u00e9e aura \u00e9t\u00e9 adapt\u00e9e \u00e0 celle de la carte-cadeau le cas \u00e9ch\u00e9ant.<\/span><\/p><p><b><i>Aucun frais de traitement ne sera appliqu\u00e9.<\/i><\/b><\/p><ol><li><b>b) Apr\u00e8s sa p\u00e9riode de validit\u00e9 :<\/b><\/li><\/ol><p><b>Jusqu\u2019\u00e0 6 mois apr\u00e8s sa date d&rsquo;expiration, <\/b><span style=\"font-weight: 400;\">la carte-cadeau ne pourra \u00eatre rembours\u00e9e. Cependant elle pourra faire l\u2019objet d\u2019un \u00e9change contre un avoir de sa valeur. Toutefois, des <\/span><b>frais de traitement d\u2019un montant \u00e9gal \u00e0 5%<\/b><span style=\"font-weight: 400;\"> de sa valeur seront appliqu\u00e9s. L\u2019avoir pourra \u00eatre utilis\u00e9 pour une prestation dont la dur\u00e9e aura \u00e9t\u00e9 adapt\u00e9e \u00e0 celle de la carte-cadeau le cas \u00e9ch\u00e9ant. <\/span><b>L\u2019avoir sera valable 3 mois et ne pourra \u00eatre ni \u00e9chang\u00e9, ni prolong\u00e9, ni rembours\u00e9.<\/b><\/p><p><b>Au-del\u00e0 de 6 mois apr\u00e8s sa date d&rsquo;expiration, <\/b><span style=\"font-weight: 400;\">la carte-cadeau ne pourra \u00eatre ni prolong\u00e9e, ni rembours\u00e9e ou \u00e9chang\u00e9e.<\/span><\/p><ol><li><b>c) Proc\u00e9dure de demande d\u2019\u00e9change :<\/b><\/li><\/ol><p><span style=\"font-weight: 400;\">Le massage inscrit sur la carte-cadeau que vous avez re\u00e7u ne vous pla\u00eet pas ?<\/span><\/p><p><span style=\"font-weight: 400;\">Pas de souci, toute demande d\u2019\u00e9change de massage devra \u00eatre effectu\u00e9e par mail \u00e0 : <\/span><b>edoucet.bienetre@gmail.com, <\/b><span style=\"font-weight: 400;\">en indiquant les <\/span><b><i>nom, pr\u00e9nom, num\u00e9ro de t\u00e9l\u00e9phone du b\u00e9n\u00e9ficiaire ainsi que la r\u00e9f\u00e9rence de la carte-cadeau.<\/i><\/b><\/p><p><b><i>Si le nouveau massage choisi d\u00e9passe la dur\u00e9e du massage offert,<\/i><\/b><span style=\"font-weight: 400;\"> un mail contenant un <\/span><b>lien de paiement <\/b><span style=\"font-weight: 400;\">sera envoy\u00e9 au Client.\u00a0<\/span><\/p><p><b><i>Les cartes-cadeau et leurs avoirs sont num\u00e9rot\u00e9s et nominatifs. Ils ne sont valables qu\u2019une seule fois<\/i><\/b><span style=\"font-weight: 400;\">.<\/span><\/p><p><b>11-2 FORFAIT D\u00c9COUVERTE<\/b><\/p><p><b>Rappel<\/b> <span style=\"font-weight: 400;\">: Le forfait <\/span><i><span style=\"font-weight: 400;\">DECOUVERTE<\/span><\/i><span style=\"font-weight: 400;\"> est nominatif. Il est valable 6 mois, non remboursable, non \u00e9changeable.<\/span><\/p><ol><li><b>a) Durant sa p\u00e9riode de validit\u00e9 :<\/b><\/li><\/ol><p><b>Le forfait ne pourra \u00eatre rembours\u00e9 ou \u00e9chang\u00e9.<\/b><span style=\"font-weight: 400;\">\u00a0<\/span><\/p><ol><li><b>b) Apr\u00e8s sa p\u00e9riode de validit\u00e9 :<\/b><\/li><\/ol><p><b>Jusqu\u2019\u00e0 6 mois apr\u00e8s sa date d&rsquo;expiration, <\/b><span style=\"font-weight: 400;\">le forfait ne pourra \u00eatre rembours\u00e9 ou \u00e9chang\u00e9 mais il pourra faire l\u2019objet d\u2019une <\/span><b><i>prolongation<\/i><\/b><span style=\"font-weight: 400;\">. Toutefois, des<\/span><b> frais de traitement d\u2019un montant \u00e9gal \u00e0 5%<\/b><span style=\"font-weight: 400;\"> de sa valeur seront appliqu\u00e9s. <\/span><b>La prolongation sera valable 3 mois et ne pourra \u00eatre ni \u00e9chang\u00e9e, ni prolong\u00e9e, ni rembours\u00e9e.<\/b><\/p><p><b>Au-del\u00e0 de 6 mois apr\u00e8s sa date d&rsquo;expiration, <\/b><span style=\"font-weight: 400;\">le forfait ne pourra \u00eatre ni prolong\u00e9, ni rembours\u00e9 ou \u00e9chang\u00e9.<\/span><\/p><ol><li><b>c) Proc\u00e9dure de demande de prolongation :<\/b><\/li><\/ol><p><span style=\"font-weight: 400;\">Toute demande de prolongation devra \u00eatre effectu\u00e9e par mail \u00e0 <\/span><b>edoucet.bienetre@gmail.com,<\/b><span style=\"font-weight: 400;\"> en indiquant les <\/span><b><i>nom, pr\u00e9nom, num\u00e9ro de t\u00e9l\u00e9phone du b\u00e9n\u00e9ficiaire ainsi que la r\u00e9f\u00e9rence du forfait.<\/i><\/b><\/p><p><span style=\"font-weight: 400;\">A r\u00e9ception de la demande de prolongation, un mail avec un<\/span><b> lien de paiement pour les frais de traitement <\/b><span style=\"font-weight: 400;\">confirmera au Client la prise en compte de sa demande. A r\u00e9ception du r\u00e8glement, <\/span><i><span style=\"font-weight: 400;\">la nouvelle date d\u2019expiration<\/span><\/i><span style=\"font-weight: 400;\"> du forfait lui sera notifi\u00e9e par mail.<\/span><\/p><p><b><i>Afin d\u2019effectuer un suivi des s\u00e9ances r\u00e9alis\u00e9es (ou non) ainsi que des demandes de prolongations, les forfaits sont num\u00e9rot\u00e9s et font l\u2019objet d\u2019un suivi informatique rigoureux.<\/i><\/b><\/p><p><b>11-3 FORFAIT COREEN<\/b><\/p><ol><li><b>a) Durant sa p\u00e9riode de validit\u00e9 :<\/b><\/li><\/ol><p><b>Le forfait ne pourra \u00eatre rembours\u00e9 ou \u00e9chang\u00e9.<\/b><\/p><p><span style=\"font-weight: 400;\">Toutefois, s\u2019agissant d\u2019un forfait avec p\u00e9riodicit\u00e9 mensuelle, si le Client devait ne plus pouvoir suivre le reste des s\u00e9ances, le forfait lui serait <\/span><i><span style=\"font-weight: 400;\">EXCEPTIONNELLEMENT<\/span><\/i><span style=\"font-weight: 400;\"> rembours\u00e9 au prorata des s\u00e9ances restantes. <\/span><b><i>Uniquement pour les raisons suivantes<\/i><\/b><span style=\"font-weight: 400;\"> :<\/span><\/p><ul><li style=\"font-weight: 400;\" aria-level=\"1\"><span style=\"font-weight: 400;\">Raison de sant\u00e9 et sur pr\u00e9sentation d\u2019un avis m\u00e9dical<\/span><\/li><li style=\"font-weight: 400;\" aria-level=\"1\"><span style=\"font-weight: 400;\">D\u00e9m\u00e9nagement<\/span><\/li><\/ul><ol><li><b>b) Apr\u00e8s sa p\u00e9riode de validit\u00e9 :<\/b><\/li><\/ol><p><b>Jusqu\u2019\u00e0 6 mois apr\u00e8s sa date d&rsquo;expiration, <\/b><span style=\"font-weight: 400;\">le forfait ne pourra \u00eatre rembours\u00e9 ou \u00e9chang\u00e9. Cependant, s\u2019agissant d\u2019un forfait \u00e0 p\u00e9riodicit\u00e9 mensuelle et si le forfait a \u00e9t\u00e9 entam\u00e9 et que le reste des s\u00e9ances n\u2019a pas pu \u00eatre r\u00e9alis\u00e9 durant les 12 mois de validit\u00e9, il pourra \u00eatre prolong\u00e9 au-del\u00e0 de sa date d\u2019expiration pour une <\/span><b>p\u00e9riode incompressible de 6 mois<\/b><span style=\"font-weight: 400;\">. Toutefois, s\u2019il s\u2019agit de <\/span><b>plus d\u2019une s\u00e9ance \u00e0 prolonger<\/b><span style=\"font-weight: 400;\">, des<\/span><b> frais de traitement d\u2019un montant \u00e9gal \u00e0 5%<\/b><span style=\"font-weight: 400;\"> du montant du forfait seront appliqu\u00e9s.<\/span><\/p><p><b>La prolongation elle-m\u00eame de ce forfait COREEN ne pourra \u00eatre ni \u00e9chang\u00e9e, ni prolong\u00e9e, ni rembours\u00e9e.<\/b><\/p><p><b>Au-del\u00e0 de 6 mois apr\u00e8s sa date d&rsquo;expiration,<\/b><span style=\"font-weight: 400;\"> le forfait ne pourra \u00eatre ni prolong\u00e9, ni rembours\u00e9 ou \u00e9chang\u00e9.<\/span><\/p><ol><li><b>c) Proc\u00e9dure de demande de prolongation :<\/b><\/li><\/ol><p><span style=\"font-weight: 400;\">Toute demande de prolongation devra \u00eatre effectu\u00e9e par mail \u00e0 <\/span><b>edoucet.bienetre@gmail.com, <\/b><span style=\"font-weight: 400;\">en indiquant les <\/span><b><i>nom, pr\u00e9nom, num\u00e9ro de t\u00e9l\u00e9phone du b\u00e9n\u00e9ficiaire ainsi que la r\u00e9f\u00e9rence du forfait.<\/i><\/b><\/p><p><span style=\"font-weight: 400;\">A r\u00e9ception de la demande de prolongation, un mail avec un<\/span><b> lien de paiement pour les frais de traitement <\/b><span style=\"font-weight: 400;\">confirmera au Client la prise en compte de sa demande. A r\u00e9ception du r\u00e8glement, <\/span><i><span style=\"font-weight: 400;\">la nouvelle date d\u2019expiration<\/span><\/i><span style=\"font-weight: 400;\"> du forfait lui sera notifi\u00e9e par mail.<\/span><\/p><p><b><i>Afin d\u2019effectuer un suivi des s\u00e9ances r\u00e9alis\u00e9es (ou non) ainsi que des demandes de prolongation, les forfaits sont num\u00e9rot\u00e9s et font l\u2019objet d\u2019un suivi informatique rigoureux.<\/i><\/b><\/p><\/div>\n\t\t\t\t<\/div>\n\t\t\t\t\t\t\t<div class=\"elementor-toggle-item\">\n\t\t\t\t\t<div id=\"elementor-tab-title-13412\" class=\"elementor-tab-title\" data-tab=\"12\" role=\"button\" aria-controls=\"elementor-tab-content-13412\" aria-expanded=\"false\">\n\t\t\t\t\t\t\t\t\t\t\t\t<span class=\"elementor-toggle-icon elementor-toggle-icon-left\" aria-hidden=\"true\">\n\t\t\t\t\t\t\t\t\t\t\t\t\t\t\t<span class=\"elementor-toggle-icon-closed\"><i class=\"fas fa-caret-right\"><\/i><\/span>\n\t\t\t\t\t\t\t\t<span class=\"elementor-toggle-icon-opened\"><i class=\"elementor-toggle-icon-opened fas fa-caret-up\"><\/i><\/span>\n\t\t\t\t\t\t\t\t\t\t\t\t\t<\/span>\n\t\t\t\t\t\t\t\t\t\t\t\t<a class=\"elementor-toggle-title\" tabindex=\"0\">12 - M\u00e9diation<\/a>\n\t\t\t\t\t<\/div>\n\n\t\t\t\t\t<div id=\"elementor-tab-content-13412\" class=\"elementor-tab-content elementor-clearfix\" data-tab=\"12\" role=\"region\" aria-labelledby=\"elementor-tab-title-13412\"><p><i><span style=\"font-weight: 400;\">Conform\u00e9ment aux articles L.616-1 et R.616-1 du code de la consommation, <\/span><\/i><b>\u00ab\u00a0 EI Estelle Doucet \u2013 Praticienne en Massages Bien-\u00catre\u00a0 \u00bb <\/b><i><span style=\"font-weight: 400;\">propose un dispositif de m\u00e9diation de la consommation. L\u2019entit\u00e9 de m\u00e9diation retenue est la <\/span><\/i><b><i>M\u00c9DIATION CONSOMMATION D\u00c9VELOPPEMENT\/MED CONSO DEV<\/i><\/b><i><span style=\"font-weight: 400;\">.<\/span><\/i><i><span style=\"font-weight: 400;\"> En cas de litige, vous pouvez d\u00e9poser votre r\u00e9clamation sur son site <\/span><\/i><a href=\"https:\/\/www.medconsodev.eu\/\"><b><i>https:\/\/www.medconsodev.eu<\/i><\/b><\/a><i><span style=\"font-weight: 400;\">\u00a0 ou par voie postale en \u00e9crivant \u00e0 :\u00a0<\/span><\/i><\/p><p><b>MEDIATION CONSOMMATION D\u00c9VELOPPEMENT\/MED CONSO DEV<\/b><\/p><p><b>Centre d\u2019Affaires St\u00e9phanois SAS\u00a0<\/b><\/p><p><b>IMMEUBLE L\u2019HORIZON \u2013 ESPLANADE DE FRANCE<\/b><\/p><p><b>3, RUE J. CONSTANT MILLERET \u2013 42000 SAINT-\u00c9TIENNE<\/b><\/p><\/div>\n\t\t\t\t<\/div>\n\t\t\t\t\t\t\t\t<\/div>\n\t\t\t\t\t\t<\/div>\n\t\t\t\t<\/div>\n\t\t\t\t\t<\/div>\n\t\t<\/div>\n\t\t\t\t\t<\/div>\n\t\t<\/section>\n\t\t\t\t<section class=\"elementor-section elementor-top-section elementor-element elementor-element-cdd145a elementor-hidden-desktop elementor-hidden-tablet elementor-section-boxed elementor-section-height-default elementor-section-height-default\" data-id=\"cdd145a\" data-element_type=\"section\">\n\t\t\t\t\t\t<div class=\"elementor-container elementor-column-gap-default\">\n\t\t\t\t\t<div class=\"elementor-column elementor-col-100 elementor-top-column elementor-element elementor-element-e96085a\" data-id=\"e96085a\" data-element_type=\"column\">\n\t\t\t<div class=\"elementor-widget-wrap elementor-element-populated\">\n\t\t\t\t\t\t<div class=\"elementor-element elementor-element-40f0acc elementor-widget-divider--view-line elementor-widget elementor-widget-divider\" data-id=\"40f0acc\" data-element_type=\"widget\" data-widget_type=\"divider.default\">\n\t\t\t\t<div class=\"elementor-widget-container\">\n\t\t\t\t\t\t\t<div class=\"elementor-divider\">\n\t\t\t<span class=\"elementor-divider-separator\">\n\t\t\t\t\t\t<\/span>\n\t\t<\/div>\n\t\t\t\t\t\t<\/div>\n\t\t\t\t<\/div>\n\t\t\t\t\t<\/div>\n\t\t<\/div>\n\t\t\t\t\t<\/div>\n\t\t<\/section>\n\t\t\t\t<section class=\"elementor-section elementor-top-section elementor-element elementor-element-de7106c elementor-section-boxed elementor-section-height-default elementor-section-height-default\" data-id=\"de7106c\" data-element_type=\"section\">\n\t\t\t\t\t\t<div class=\"elementor-container elementor-column-gap-default\">\n\t\t\t\t\t<div class=\"elementor-column elementor-col-50 elementor-top-column elementor-element elementor-element-86a426a\" data-id=\"86a426a\" data-element_type=\"column\">\n\t\t\t<div class=\"elementor-widget-wrap elementor-element-populated\">\n\t\t\t\t\t\t<div class=\"elementor-element elementor-element-4acdd57 elementor-hidden-phone elementor-view-default elementor-widget elementor-widget-icon\" data-id=\"4acdd57\" data-element_type=\"widget\" data-widget_type=\"icon.default\">\n\t\t\t\t<div class=\"elementor-widget-container\">\n\t\t\t\t\t\t\t<div class=\"elementor-icon-wrapper\">\n\t\t\t<div class=\"elementor-icon\">\n\t\t\t<i aria-hidden=\"true\" class=\"far fa-arrow-alt-circle-right\"><\/i>\t\t\t<\/div>\n\t\t<\/div>\n\t\t\t\t\t\t<\/div>\n\t\t\t\t<\/div>\n\t\t\t\t\t<\/div>\n\t\t<\/div>\n\t\t\t\t<div class=\"elementor-column elementor-col-50 elementor-top-column elementor-element elementor-element-74f86a5\" data-id=\"74f86a5\" data-element_type=\"column\">\n\t\t\t<div class=\"elementor-widget-wrap elementor-element-populated\">\n\t\t\t\t\t\t<div class=\"elementor-element elementor-element-61fec82 elementor-widget elementor-widget-text-editor\" data-id=\"61fec82\" data-element_type=\"widget\" data-widget_type=\"text-editor.default\">\n\t\t\t\t<div class=\"elementor-widget-container\">\n\t\t\t\t\t\t\t\t\t<p><a href=\"https:\/\/edoucet-bienetre.fr\/wordpress\/mentions-legales\">Mentions L\u00e9gales<\/a><\/p>\t\t\t\t\t\t\t\t<\/div>\n\t\t\t\t<\/div>\n\t\t\t\t\t<\/div>\n\t\t<\/div>\n\t\t\t\t\t<\/div>\n\t\t<\/section>\n\t\t\t\t<section class=\"elementor-section elementor-top-section elementor-element elementor-element-43c977e elementor-hidden-desktop elementor-hidden-tablet elementor-section-boxed elementor-section-height-default elementor-section-height-default\" data-id=\"43c977e\" data-element_type=\"section\">\n\t\t\t\t\t\t<div class=\"elementor-container elementor-column-gap-default\">\n\t\t\t\t\t<div class=\"elementor-column elementor-col-100 elementor-top-column elementor-element elementor-element-08ccff8\" data-id=\"08ccff8\" data-element_type=\"column\">\n\t\t\t<div class=\"elementor-widget-wrap elementor-element-populated\">\n\t\t\t\t\t\t<div class=\"elementor-element elementor-element-ede3a14 elementor-widget-divider--view-line elementor-widget elementor-widget-divider\" data-id=\"ede3a14\" data-element_type=\"widget\" data-widget_type=\"divider.default\">\n\t\t\t\t<div class=\"elementor-widget-container\">\n\t\t\t\t\t\t\t<div class=\"elementor-divider\">\n\t\t\t<span class=\"elementor-divider-separator\">\n\t\t\t\t\t\t<\/span>\n\t\t<\/div>\n\t\t\t\t\t\t<\/div>\n\t\t\t\t<\/div>\n\t\t\t\t\t<\/div>\n\t\t<\/div>\n\t\t\t\t\t<\/div>\n\t\t<\/section>\n\t\t\t\t<section class=\"elementor-section elementor-top-section elementor-element elementor-element-d1c0002 elementor-section-boxed elementor-section-height-default elementor-section-height-default\" data-id=\"d1c0002\" data-element_type=\"section\">\n\t\t\t\t\t\t<div class=\"elementor-container elementor-column-gap-default\">\n\t\t\t\t\t<div class=\"elementor-column elementor-col-50 elementor-top-column elementor-element elementor-element-7ec1aa9\" data-id=\"7ec1aa9\" data-element_type=\"column\">\n\t\t\t<div class=\"elementor-widget-wrap elementor-element-populated\">\n\t\t\t\t\t\t<div class=\"elementor-element elementor-element-46a84bd elementor-hidden-phone elementor-view-default elementor-widget elementor-widget-icon\" data-id=\"46a84bd\" data-element_type=\"widget\" data-widget_type=\"icon.default\">\n\t\t\t\t<div class=\"elementor-widget-container\">\n\t\t\t\t\t\t\t<div class=\"elementor-icon-wrapper\">\n\t\t\t<div class=\"elementor-icon\">\n\t\t\t<i aria-hidden=\"true\" class=\"far fa-arrow-alt-circle-right\"><\/i>\t\t\t<\/div>\n\t\t<\/div>\n\t\t\t\t\t\t<\/div>\n\t\t\t\t<\/div>\n\t\t\t\t\t<\/div>\n\t\t<\/div>\n\t\t\t\t<div class=\"elementor-column elementor-col-50 elementor-top-column elementor-element elementor-element-d87503c\" data-id=\"d87503c\" data-element_type=\"column\">\n\t\t\t<div class=\"elementor-widget-wrap elementor-element-populated\">\n\t\t\t\t\t\t<div class=\"elementor-element elementor-element-53f23d9 elementor-widget elementor-widget-text-editor\" data-id=\"53f23d9\" data-element_type=\"widget\" data-widget_type=\"text-editor.default\">\n\t\t\t\t<div class=\"elementor-widget-container\">\n\t\t\t\t\t\t\t\t\t<p><a href=\"https:\/\/edoucet-bienetre.fr\/wordpress\/wp-content\/uploads\/2026\/02\/politique-de-confidentialite-FEV26.pdf\">Politique de Confidentialit\u00e9 (loi RGPD)<\/a><\/p>\t\t\t\t\t\t\t\t<\/div>\n\t\t\t\t<\/div>\n\t\t\t\t\t<\/div>\n\t\t<\/div>\n\t\t\t\t\t<\/div>\n\t\t<\/section>\n\t\t\t\t<\/div>\n\t\t","protected":false},"excerpt":{"rendered":"<p>Conditions G\u00e9n\u00e9rales De Vente &#038; Politique De Protection Des Donn\u00e9es Conditions G\u00e9n\u00e9rales De Vente &#038; Politique De Protection Des Donn\u00e9es Conditions G\u00e9n\u00e9rales de Vente (CGV) 1 &#8211; G\u00e9n\u00e9ralit\u00e9s Les pr\u00e9sentes Conditions G\u00e9n\u00e9rales des Ventes (CGV) s\u2019appliquent, sans restriction ni r\u00e9serve, \u00e0 l\u2019ensemble des prestations propos\u00e9es par Estelle DOUCET, par le biais de l\u2019entreprise individuelle d\u00e9nomm\u00e9e <a class=\"read-more\" href=\"https:\/\/edoucet-bienetre.fr\/wordpress\/politique-de-confidentialite\/\">READ MORE<\/a><\/p>\n","protected":false},"author":2,"featured_media":0,"parent":0,"menu_order":0,"comment_status":"closed","ping_status":"closed","template":"","meta":{"footnotes":""},"class_list":["post-2507","page","type-page","status-publish","hentry"],"_links":{"self":[{"href":"https:\/\/edoucet-bienetre.fr\/wordpress\/wp-json\/wp\/v2\/pages\/2507","targetHints":{"allow":["GET"]}}],"collection":[{"href":"https:\/\/edoucet-bienetre.fr\/wordpress\/wp-json\/wp\/v2\/pages"}],"about":[{"href":"https:\/\/edoucet-bienetre.fr\/wordpress\/wp-json\/wp\/v2\/types\/page"}],"author":[{"embeddable":true,"href":"https:\/\/edoucet-bienetre.fr\/wordpress\/wp-json\/wp\/v2\/users\/2"}],"replies":[{"embeddable":true,"href":"https:\/\/edoucet-bienetre.fr\/wordpress\/wp-json\/wp\/v2\/comments?post=2507"}],"version-history":[{"count":105,"href":"https:\/\/edoucet-bienetre.fr\/wordpress\/wp-json\/wp\/v2\/pages\/2507\/revisions"}],"predecessor-version":[{"id":12549,"href":"https:\/\/edoucet-bienetre.fr\/wordpress\/wp-json\/wp\/v2\/pages\/2507\/revisions\/12549"}],"wp:attachment":[{"href":"https:\/\/edoucet-bienetre.fr\/wordpress\/wp-json\/wp\/v2\/media?parent=2507"}],"curies":[{"name":"wp","href":"https:\/\/api.w.org\/{rel}","templated":true}]}}